{"id":10,"date":"2018-01-05T07:43:10","date_gmt":"2018-01-05T07:43:10","guid":{"rendered":"http:\/\/ff-herzogsreut.de\/?page_id=10"},"modified":"2024-01-10T15:41:59","modified_gmt":"2024-01-10T15:41:59","slug":"alarmierungen","status":"publish","type":"page","link":"http:\/\/ff-herzogsreut.de\/?page_id=10","title":{"rendered":"Alarmierungen"},"content":{"rendered":"<p><img decoding=\"async\" loading=\"lazy\" class=\"aligncenter size-large wp-image-423\" src=\"http:\/\/ff-herzogsreut.de\/wp-content\/uploads\/2019\/01\/Feuerwehrautos-1024x455.jpg\" alt=\"\" width=\"525\" height=\"233\" srcset=\"http:\/\/ff-herzogsreut.de\/wp-content\/uploads\/2019\/01\/Feuerwehrautos-1024x455.jpg 1024w, http:\/\/ff-herzogsreut.de\/wp-content\/uploads\/2019\/01\/Feuerwehrautos-300x133.jpg 300w, http:\/\/ff-herzogsreut.de\/wp-content\/uploads\/2019\/01\/Feuerwehrautos-768x342.jpg 768w\" sizes=\"(max-width: 525px) 100vw, 525px\" \/><\/p>\n<p style=\"text-align: left;\">Seit 01.06.2012 ist die <a href=\"http:\/\/ils-passau.de\/\" target=\"_blank\" rel=\"noopener\">Leitstelle Passau<\/a> erstalarmierende Stelle f\u00fcr die Feuerwehren im Stadt- und Landkreis Passau, sowie f\u00fcr den Landkreis Freyung-Grafenau und Rottal-Inn.<\/p>\n<p style=\"text-align: left;\"><a href=\"http:\/\/ils-passau.de\/\" target=\"_blank\" rel=\"noopener\"><img decoding=\"async\" loading=\"lazy\" class=\"wp-image-144 alignright\" src=\"http:\/\/ff-herzogsreut.de\/wp-content\/uploads\/2018\/02\/logils-passau-300x146.jpg\" alt=\"\" width=\"171\" height=\"83\" srcset=\"http:\/\/ff-herzogsreut.de\/wp-content\/uploads\/2018\/02\/logils-passau-300x146.jpg 300w, http:\/\/ff-herzogsreut.de\/wp-content\/uploads\/2018\/02\/logils-passau.jpg 442w\" sizes=\"(max-width: 171px) 100vw, 171px\" \/><\/a><\/p>\n<p><b><span class=\"detail\">Feuerwehren im Landkreis Freyung-Grafenau:<\/span><\/b><br \/>\nGebietsgr\u00f6\u00dfe 984,32 km\u00b2<br \/>\nBev\u00f6lkerung ca. 80.000 Einwohner<br \/>\nEinsatzzahlen ca. 1700 Eins\u00e4tze<\/p>\n<p><b><span class=\"detail\">Zugeordnete Wachen und Ger\u00e4teh\u00e4user:<\/span><\/b><span class=\"detail\"><br \/>\n<\/span>90 Freiwillige Feuerwehren<\/p>\n<p>weitere Infos k\u00f6nnen unter folgendem Link eingeholt werden!!<\/p>\n<p>&#8211;&gt; <a href=\"http:\/\/www.ils-passau.de\/index.php?id=30\" target=\"_blank\" rel=\"noopener\" data-fcksavedurl=\"http:\/\/www.ils-passau.de\/index.php?id=30\"><b>LEITSTELLE PASSAU<\/b><\/a><\/p>\n<p><b>\u00a0\u00a0\u00a0\u00a0\u00a0\u00a0\u00a0\u00a0\u00a0\u00a0\u00a0\u00a0\u00a0\u00a0\u00a0\u00a0\u00a0\u00a0\u00a0\u00a0\u00a0\u00a0\u00a0\u00a0\u00a0\u00a0\u00a0\u00a0\u00a0\u00a0\u00a0\u00a0\u00a0\u00a0\u00a0\u00a0\u00a0\u00a0\u00a0\u00a0\u00a0\u00a0\u00a0\u00a0\u00a0\u00a0\u00a0\u00a0\u00a0\u00a0\u00a0\u00a0\u00a0\u00a0\u00a0\u00a0\u00a0\u00a0\u00a0\u00a0\u00a0\u00a0\u00a0\u00a0\u00a0\u00a0\u00a0\u00a0\u00a0\u00a0\u00a0<\/b><\/p>\n","protected":false},"excerpt":{"rendered":"<p>Seit 01.06.2012 ist die Leitstelle Passau erstalarmierende Stelle f\u00fcr die Feuerwehren im Stadt- und Landkreis Passau, sowie f\u00fcr den Landkreis Freyung-Grafenau und Rottal-Inn. Feuerwehren im Landkreis Freyung-Grafenau: Gebietsgr\u00f6\u00dfe 984,32 km\u00b2 Bev\u00f6lkerung ca. 80.000 Einwohner Einsatzzahlen ca. 1700 Eins\u00e4tze Zugeordnete Wachen und Ger\u00e4teh\u00e4user: 90 Freiwillige Feuerwehren weitere Infos k\u00f6nnen unter folgendem Link eingeholt werden!! &#8211;&gt; LEITSTELLE &hellip; <\/p>\n<p class=\"link-more\"><a href=\"http:\/\/ff-herzogsreut.de\/?page_id=10\" class=\"more-link\"><span class=\"screen-reader-text\">\u201eAlarmierungen\u201c<\/span> weiterlesen<\/a><\/p>\n","protected":false},"author":1,"featured_media":0,"parent":0,"menu_order":0,"comment_status":"closed","ping_status":"closed","template":"","meta":[],"_links":{"self":[{"href":"http:\/\/ff-herzogsreut.de\/index.php?rest_route=\/wp\/v2\/pages\/10"}],"collection":[{"href":"http:\/\/ff-herzogsreut.de\/index.php?rest_route=\/wp\/v2\/pages"}],"about":[{"href":"http:\/\/ff-herzogsreut.de\/index.php?rest_route=\/wp\/v2\/types\/page"}],"author":[{"embeddable":true,"href":"http:\/\/ff-herzogsreut.de\/index.php?rest_route=\/wp\/v2\/users\/1"}],"replies":[{"embeddable":true,"href":"http:\/\/ff-herzogsreut.de\/index.php?rest_route=%2Fwp%2Fv2%2Fcomments&post=10"}],"version-history":[{"count":13,"href":"http:\/\/ff-herzogsreut.de\/index.php?rest_route=\/wp\/v2\/pages\/10\/revisions"}],"predecessor-version":[{"id":487,"href":"http:\/\/ff-herzogsreut.de\/index.php?rest_route=\/wp\/v2\/pages\/10\/revisions\/487"}],"wp:attachment":[{"href":"http:\/\/ff-herzogsreut.de\/index.php?rest_route=%2Fwp%2Fv2%2Fmedia&parent=10"}],"curies":[{"name":"wp","href":"https:\/\/api.w.org\/{rel}","templated":true}]}}